{"id":1021,"date":"2018-10-31T16:12:07","date_gmt":"2018-10-31T19:12:07","guid":{"rendered":"https:\/\/2018.montevideo.wordcamp.org\/?page_id=1021"},"modified":"2018-11-06T21:01:35","modified_gmt":"2018-11-07T00:01:35","slug":"ponentes","status":"publish","type":"page","link":"https:\/\/montevideo.wordcamp.org\/2018\/ponentes\/","title":{"rendered":"Ponentes"},"content":{"rendered":"\n\t<div class=\"wcorg-speakers\">\n\n\t\t\n\t\t\t<!-- Organizers note: The id attribute is deprecated and only remains for backwards compatibility, please use the corresponding class to target individual speakers -->\n\t\t\t<div id=\"wcorg-speaker-alfonso-frachelle\" class=\"wcorg-speaker wcorg-speaker-alfonso-frachelle\">\n\t\t\t\t<h2>\n\t\t\t\t\t\n\t\t\t\t\t\tAlfonso Frachelle\n\t\t\t\t\t\t\t\t\t<\/h2>\n\n\t\t\t\t<div class=\"wcorg-speaker-description\">\n\t\t\t\t\t\t\t\t\t\t<p><img data-recalc-dims=\"1\" loading=\"lazy\" decoding=\"async\" class=\"alignleft size-thumbnail wp-image-1162\" src=\"https:\/\/i0.wp.com\/2018.montevideo.wordcamp.org\/files\/2018\/11\/Alfonso-150x150.jpg?resize=150%2C150&#038;ssl=1\" alt=\"\" width=\"150\" height=\"150\" srcset=\"https:\/\/i0.wp.com\/montevideo.wordcamp.org\/2018\/files\/2018\/11\/Alfonso.jpg?resize=150%2C150&amp;ssl=1 150w, https:\/\/i0.wp.com\/montevideo.wordcamp.org\/2018\/files\/2018\/11\/Alfonso.jpg?resize=100%2C100&amp;ssl=1 100w, https:\/\/i0.wp.com\/montevideo.wordcamp.org\/2018\/files\/2018\/11\/Alfonso.jpg?zoom=2&amp;resize=150%2C150&amp;ssl=1 300w, https:\/\/i0.wp.com\/montevideo.wordcamp.org\/2018\/files\/2018\/11\/Alfonso.jpg?zoom=3&amp;resize=150%2C150&amp;ssl=1 450w\" sizes=\"auto, (max-width: 150px) 100vw, 150px\" \/>Con mi primer proyecto web en 1996, cuando la Web apenas se empezaba a conocer en Uruguay, he trabajado para todo tipo de clientes en los proyectos m\u00e1s variados. Desde sitios web para instituciones gubernamentales y organismos internacionales, a empresas privadas, organizaciones sin fines de lucro y particulares. De formaci\u00f3n humanista amplia, con vocaci\u00f3n para la comunicaci\u00f3n desde el dise\u00f1o visual, el trabajo y los gustos me llevaron a acercarme a las \u00e1reas m\u00e1s t\u00e9cnicas de la inform\u00e1tica. D\u00eda a d\u00eda conjugo y pretendo transmitir la relaci\u00f3n indisoluble entre lo t\u00e9cnico y lo humano, combinando principios de usabilidad, dise\u00f1o, marketing y seguridad para un ambiente laboral y personal \u00f3ptimo para el desarrollo de las personas.<\/p>\n\t\t\t\t<\/div>\n\t\t\t<\/div>\n\n\t\t\n\t\t\t<!-- Organizers note: The id attribute is deprecated and only remains for backwards compatibility, please use the corresponding class to target individual speakers -->\n\t\t\t<div id=\"wcorg-speaker-andres-villarreal\" class=\"wcorg-speaker wcorg-speaker-andres-villarreal\">\n\t\t\t\t<h2>\n\t\t\t\t\t\n\t\t\t\t\t\tAndr\u00e9s Villarreal\n\t\t\t\t\t\t\t\t\t<\/h2>\n\n\t\t\t\t<div class=\"wcorg-speaker-description\">\n\t\t\t\t\t\t\t\t\t\t<p><img data-recalc-dims=\"1\" loading=\"lazy\" decoding=\"async\" class=\"alignleft size-thumbnail wp-image-1163\" src=\"https:\/\/i0.wp.com\/2018.montevideo.wordcamp.org\/files\/2018\/11\/Andres-150x150.jpg?resize=150%2C150&#038;ssl=1\" alt=\"\" width=\"150\" height=\"150\" srcset=\"https:\/\/i0.wp.com\/montevideo.wordcamp.org\/2018\/files\/2018\/11\/Andres.jpg?resize=150%2C150&amp;ssl=1 150w, https:\/\/i0.wp.com\/montevideo.wordcamp.org\/2018\/files\/2018\/11\/Andres.jpg?resize=300%2C300&amp;ssl=1 300w, https:\/\/i0.wp.com\/montevideo.wordcamp.org\/2018\/files\/2018\/11\/Andres.jpg?resize=768%2C768&amp;ssl=1 768w, https:\/\/i0.wp.com\/montevideo.wordcamp.org\/2018\/files\/2018\/11\/Andres.jpg?resize=100%2C100&amp;ssl=1 100w, https:\/\/i0.wp.com\/montevideo.wordcamp.org\/2018\/files\/2018\/11\/Andres.jpg?w=960&amp;ssl=1 960w\" sizes=\"auto, (max-width: 150px) 100vw, 150px\" \/>Programador, consultor y docente. Desarrolla sitios web desde 2004, y se dedica exclusivamente a WordPress desde el 2011. Antes de volcarse de lleno al desarrollo web estudi\u00f3 Filosof\u00eda. Estuvo a cargo de desarrollos y capacitaciones en UTN FRBA y AVG Technologies, y dict\u00f3 clases para Acamica, Coderhouse y Digital House. Public\u00f3 plugins y themes en WordPress.org y fue WordPress Core Contributor en 3.9 y 4.0. Entre 2014 y 2018 desarroll\u00f3 productos premium para NiceThemes, y actualmente trabaja como full-stack developer para Rainmaker Digital Services.<\/p>\n\t\t\t\t<\/div>\n\t\t\t<\/div>\n\n\t\t\n\t\t\t<!-- Organizers note: The id attribute is deprecated and only remains for backwards compatibility, please use the corresponding class to target individual speakers -->\n\t\t\t<div id=\"wcorg-speaker-carlos-ramon-sanabria\" class=\"wcorg-speaker wcorg-speaker-carlos-ramon-sanabria\">\n\t\t\t\t<h2>\n\t\t\t\t\t\n\t\t\t\t\t\tCarlos Ram\u00f3n Sanabria\n\t\t\t\t\t\t\t\t\t<\/h2>\n\n\t\t\t\t<div class=\"wcorg-speaker-description\">\n\t\t\t\t\t\t\t\t\t\t<p><img data-recalc-dims=\"1\" loading=\"lazy\" decoding=\"async\" class=\"alignleft size-thumbnail wp-image-1164\" src=\"https:\/\/i0.wp.com\/2018.montevideo.wordcamp.org\/files\/2018\/11\/Carlos-150x150.jpg?resize=150%2C150&#038;ssl=1\" alt=\"\" width=\"150\" height=\"150\" srcset=\"https:\/\/i0.wp.com\/montevideo.wordcamp.org\/2018\/files\/2018\/11\/Carlos.jpg?resize=150%2C150&amp;ssl=1 150w, https:\/\/i0.wp.com\/montevideo.wordcamp.org\/2018\/files\/2018\/11\/Carlos.jpg?resize=300%2C300&amp;ssl=1 300w, https:\/\/i0.wp.com\/montevideo.wordcamp.org\/2018\/files\/2018\/11\/Carlos.jpg?resize=768%2C768&amp;ssl=1 768w, https:\/\/i0.wp.com\/montevideo.wordcamp.org\/2018\/files\/2018\/11\/Carlos.jpg?resize=1024%2C1024&amp;ssl=1 1024w, https:\/\/i0.wp.com\/montevideo.wordcamp.org\/2018\/files\/2018\/11\/Carlos.jpg?w=1200&amp;ssl=1 1200w, https:\/\/i0.wp.com\/montevideo.wordcamp.org\/2018\/files\/2018\/11\/Carlos.jpg?resize=100%2C100&amp;ssl=1 100w\" sizes=\"auto, (max-width: 150px) 100vw, 150px\" \/>Carlos vive hace dos a\u00f1os en Montevideo. Cuando termin\u00f3 su Licenciatura en Psicolog\u00eda, por el 2009, ya estaba enganchado a las nuevas tecnolog\u00edas, pero no imaginaba que terminar\u00eda dedic\u00e1ndose cuerpo y alma al marketing digital. Ha incursionado en muchas \u00e1reas del dise\u00f1o y la comunicaci\u00f3n, pero lo que realmente le apasiona es construir sitios web con contenidos asombrosos, que conquisten los primeros lugares de Google y el coraz\u00f3n de los usuarios.<\/p>\n\t\t\t\t<\/div>\n\t\t\t<\/div>\n\n\t\t\n\t\t\t<!-- Organizers note: The id attribute is deprecated and only remains for backwards compatibility, please use the corresponding class to target individual speakers -->\n\t\t\t<div id=\"wcorg-speaker-damian-suarez\" class=\"wcorg-speaker wcorg-speaker-damian-suarez\">\n\t\t\t\t<h2>\n\t\t\t\t\t\n\t\t\t\t\t\tDami\u00e1n Su\u00e1rez\n\t\t\t\t\t\t\t\t\t<\/h2>\n\n\t\t\t\t<div class=\"wcorg-speaker-description\">\n\t\t\t\t\t\t\t\t\t\t<p><img data-recalc-dims=\"1\" loading=\"lazy\" decoding=\"async\" src=\"https:\/\/i0.wp.com\/2018.montevideo.wordcamp.org\/files\/2018\/10\/damian-suarez-0600-150x150.jpg?resize=150%2C150&#038;ssl=1\" alt=\"\" width=\"150\" height=\"150\" class=\"alignleft size-thumbnail wp-image-1250\" srcset=\"https:\/\/i0.wp.com\/montevideo.wordcamp.org\/2018\/files\/2018\/10\/damian-suarez-0600.jpg?resize=150%2C150&amp;ssl=1 150w, https:\/\/i0.wp.com\/montevideo.wordcamp.org\/2018\/files\/2018\/10\/damian-suarez-0600.jpg?resize=300%2C300&amp;ssl=1 300w, https:\/\/i0.wp.com\/montevideo.wordcamp.org\/2018\/files\/2018\/10\/damian-suarez-0600.jpg?resize=100%2C100&amp;ssl=1 100w, https:\/\/i0.wp.com\/montevideo.wordcamp.org\/2018\/files\/2018\/10\/damian-suarez-0600.jpg?w=600&amp;ssl=1 600w\" sizes=\"auto, (max-width: 150px) 100vw, 150px\" \/>Dami\u00e1n es un enfermo programador por vocaci\u00f3n. Autodidacta a morir. Hizo sus primeros pases a la edad de 6 a\u00f1os con su peque\u00f1a TK-90 de 8 bits all\u00e1 por el a\u00f1o &#8217;85. Luego de varios a\u00f1os de estudio\/trabajo\/juego en distintas plataformas y tecnolog\u00edas fue parte de tres startups: Rosepad, LearnBoost y Cloudup, las cuales le permitieron dar su \u00faltimo gran salto para aterrizar en Automattic hace ya m\u00e1s de 5 a\u00f1os. \u00daltimamente focalizado en PHP y JavaScript, ha sabido mantenerse, a veces a duras penas, en la vor\u00e1gine tecnol\u00f3gica que nos azota cotidianamente. Es parte de WordPress Argentina. Fue organizador principal del WordCamp Buenos Aires en el a\u00f1o 2015. A lo largo de los \u00faltimos a\u00f1os ha participado en muchos eventos tratando de transmitir parte de su conocimiento compartiendo sus experiencias. Feliz emprendedor, consternado pensador, todav\u00eda mantiene viva la llama interna que lo impulsa a seguir aprendiendo el arte de la programaci\u00f3n. Ya no habla m\u00e1s de f\u00fatbol.<\/p>\n\t\t\t\t<\/div>\n\t\t\t<\/div>\n\n\t\t\n\t\t\t<!-- Organizers note: The id attribute is deprecated and only remains for backwards compatibility, please use the corresponding class to target individual speakers -->\n\t\t\t<div id=\"wcorg-speaker-elisa-budelli\" class=\"wcorg-speaker wcorg-speaker-elisa-budelli\">\n\t\t\t\t<h2>\n\t\t\t\t\t\n\t\t\t\t\t\tElisa Budelli\n\t\t\t\t\t\t\t\t\t<\/h2>\n\n\t\t\t\t<div class=\"wcorg-speaker-description\">\n\t\t\t\t\t\t\t\t\t\t<p><img data-recalc-dims=\"1\" loading=\"lazy\" decoding=\"async\" class=\"alignleft size-thumbnail wp-image-1166\" src=\"https:\/\/i0.wp.com\/2018.montevideo.wordcamp.org\/files\/2018\/11\/Elisa-150x150.jpg?resize=150%2C150&#038;ssl=1\" alt=\"\" width=\"150\" height=\"150\" srcset=\"https:\/\/i0.wp.com\/montevideo.wordcamp.org\/2018\/files\/2018\/11\/Elisa.jpg?resize=150%2C150&amp;ssl=1 150w, https:\/\/i0.wp.com\/montevideo.wordcamp.org\/2018\/files\/2018\/11\/Elisa.jpg?resize=100%2C100&amp;ssl=1 100w, https:\/\/i0.wp.com\/montevideo.wordcamp.org\/2018\/files\/2018\/11\/Elisa.jpg?zoom=2&amp;resize=150%2C150&amp;ssl=1 300w, https:\/\/i0.wp.com\/montevideo.wordcamp.org\/2018\/files\/2018\/11\/Elisa.jpg?zoom=3&amp;resize=150%2C150&amp;ssl=1 450w\" sizes=\"auto, (max-width: 150px) 100vw, 150px\" \/>Elisa Budelli ha dedicado su carrera profesional a desarrollar aplicaciones m\u00f3viles, desde Palm Pilot a iPhone X. Se desempe\u00f1\u00f3 como desarrolladora y encargada de la distribuci\u00f3n de la aplicaci\u00f3n iOS de WordPress y actualmente lidera la divisi\u00f3n mobile de Automattic.<\/p>\n\t\t\t\t<\/div>\n\t\t\t<\/div>\n\n\t\t\n\t\t\t<!-- Organizers note: The id attribute is deprecated and only remains for backwards compatibility, please use the corresponding class to target individual speakers -->\n\t\t\t<div id=\"wcorg-speaker-joaquin-arambarri\" class=\"wcorg-speaker wcorg-speaker-joaquin-arambarri\">\n\t\t\t\t<h2>\n\t\t\t\t\t\n\t\t\t\t\t\tJoaqu\u00edn Arambarri\n\t\t\t\t\t\t\t\t\t<\/h2>\n\n\t\t\t\t<div class=\"wcorg-speaker-description\">\n\t\t\t\t\t\t\t\t\t\t<p><img data-recalc-dims=\"1\" loading=\"lazy\" decoding=\"async\" class=\"alignleft size-thumbnail wp-image-1167\" src=\"https:\/\/i0.wp.com\/2018.montevideo.wordcamp.org\/files\/2018\/11\/Joaquin-arambarri-150x150.jpg?resize=150%2C150&#038;ssl=1\" alt=\"\" width=\"150\" height=\"150\" srcset=\"https:\/\/i0.wp.com\/montevideo.wordcamp.org\/2018\/files\/2018\/11\/Joaquin-arambarri.jpg?resize=150%2C150&amp;ssl=1 150w, https:\/\/i0.wp.com\/montevideo.wordcamp.org\/2018\/files\/2018\/11\/Joaquin-arambarri.jpg?resize=300%2C300&amp;ssl=1 300w, https:\/\/i0.wp.com\/montevideo.wordcamp.org\/2018\/files\/2018\/11\/Joaquin-arambarri.jpg?resize=100%2C100&amp;ssl=1 100w, https:\/\/i0.wp.com\/montevideo.wordcamp.org\/2018\/files\/2018\/11\/Joaquin-arambarri.jpg?w=500&amp;ssl=1 500w\" sizes=\"auto, (max-width: 150px) 100vw, 150px\" \/>Joaqu\u00edn es ingeniero en computaci\u00f3n, se ha desempe\u00f1ado como programador en diferentes lenguajes durante muchos a\u00f1os. Emprendedor por naturaleza, en la actualidad realiza tareas de docencia y es director de\u00a0<a href=\"https:\/\/actotal.com\/\">ACTotal<\/a>, empresa de desarrollo y comunicaci\u00f3n. Cuenta con m\u00e1s de 18 a\u00f1os liderando equipos multidisciplinarios, trabajando con grandes clientes nacionales e internacionales. Le apasiona el c\u00f3digo abierto y colaborar con la comunidad de WordPress en Uruguay.<\/p>\n\t\t\t\t<\/div>\n\t\t\t<\/div>\n\n\t\t\n\t\t\t<!-- Organizers note: The id attribute is deprecated and only remains for backwards compatibility, please use the corresponding class to target individual speakers -->\n\t\t\t<div id=\"wcorg-speaker-mario-aguiar\" class=\"wcorg-speaker wcorg-speaker-mario-aguiar\">\n\t\t\t\t<h2>\n\t\t\t\t\t\n\t\t\t\t\t\tMario Aguiar\n\t\t\t\t\t\t\t\t\t<\/h2>\n\n\t\t\t\t<div class=\"wcorg-speaker-description\">\n\t\t\t\t\t\t\t\t\t\t<p><img data-recalc-dims=\"1\" loading=\"lazy\" decoding=\"async\" class=\"alignleft size-thumbnail wp-image-1172\" src=\"https:\/\/i0.wp.com\/2018.montevideo.wordcamp.org\/files\/2018\/10\/Mario-Aguiar-150x150.jpg?resize=150%2C150&#038;ssl=1\" alt=\"\" width=\"150\" height=\"150\" srcset=\"https:\/\/i0.wp.com\/montevideo.wordcamp.org\/2018\/files\/2018\/10\/Mario-Aguiar.jpg?resize=150%2C150&amp;ssl=1 150w, https:\/\/i0.wp.com\/montevideo.wordcamp.org\/2018\/files\/2018\/10\/Mario-Aguiar.jpg?resize=300%2C300&amp;ssl=1 300w, https:\/\/i0.wp.com\/montevideo.wordcamp.org\/2018\/files\/2018\/10\/Mario-Aguiar.jpg?resize=100%2C100&amp;ssl=1 100w, https:\/\/i0.wp.com\/montevideo.wordcamp.org\/2018\/files\/2018\/10\/Mario-Aguiar.jpg?w=321&amp;ssl=1 321w\" sizes=\"auto, (max-width: 150px) 100vw, 150px\" \/>Frontend developer en 10up, especializado en WordPress y JavaScript, con m\u00e1s de 10 a\u00f1os de experiencia en desarrollo web. Me encanta hablar en p\u00fablico y conocer lugares nuevos.<\/p>\n\t\t\t\t<\/div>\n\t\t\t<\/div>\n\n\t\t\n\t\t\t<!-- Organizers note: The id attribute is deprecated and only remains for backwards compatibility, please use the corresponding class to target individual speakers -->\n\t\t\t<div id=\"wcorg-speaker-matias-ventura\" class=\"wcorg-speaker wcorg-speaker-matias-ventura\">\n\t\t\t\t<h2>\n\t\t\t\t\t\n\t\t\t\t\t\tMat\u00edas Ventura\n\t\t\t\t\t\t\t\t\t<\/h2>\n\n\t\t\t\t<div class=\"wcorg-speaker-description\">\n\t\t\t\t\t\t\t\t\t\t<p><img data-recalc-dims=\"1\" loading=\"lazy\" decoding=\"async\" class=\"alignleft size-thumbnail wp-image-1170\" src=\"https:\/\/i0.wp.com\/2018.montevideo.wordcamp.org\/files\/2018\/11\/Matias-ventura-150x150.jpg?resize=150%2C150&#038;ssl=1\" alt=\"\" width=\"150\" height=\"150\" srcset=\"https:\/\/i0.wp.com\/montevideo.wordcamp.org\/2018\/files\/2018\/11\/Matias-ventura.jpg?resize=150%2C150&amp;ssl=1 150w, https:\/\/i0.wp.com\/montevideo.wordcamp.org\/2018\/files\/2018\/11\/Matias-ventura.jpg?resize=300%2C300&amp;ssl=1 300w, https:\/\/i0.wp.com\/montevideo.wordcamp.org\/2018\/files\/2018\/11\/Matias-ventura.jpg?resize=100%2C100&amp;ssl=1 100w, https:\/\/i0.wp.com\/montevideo.wordcamp.org\/2018\/files\/2018\/11\/Matias-ventura.jpg?w=400&amp;ssl=1 400w\" sizes=\"auto, (max-width: 150px) 100vw, 150px\" \/>Naci\u00f3 en Montevideo. Es dise\u00f1ador visual, ingeniero, director de cine, fot\u00f3grafo y escritor de filosof\u00eda. Trabaj\u00f3 en el proyecto <a href=\"https:\/\/developer.wordpress.com\/calypso\/\">Calypso<\/a> en Automattic y es el l\u00edder t\u00e9cnico del proyecto <a href=\"https:\/\/wordpress.org\/gutenberg\/\">Gutenberg<\/a> en WordPress.<\/p>\n\t\t\t\t<\/div>\n\t\t\t<\/div>\n\n\t\t\n\t\t\t<!-- Organizers note: The id attribute is deprecated and only remains for backwards compatibility, please use the corresponding class to target individual speakers -->\n\t\t\t<div id=\"wcorg-speaker-matias-viera\" class=\"wcorg-speaker wcorg-speaker-matias-viera\">\n\t\t\t\t<h2>\n\t\t\t\t\t\n\t\t\t\t\t\tMat\u00edas Viera\n\t\t\t\t\t\t\t\t\t<\/h2>\n\n\t\t\t\t<div class=\"wcorg-speaker-description\">\n\t\t\t\t\t\t\t\t\t\t<p><img data-recalc-dims=\"1\" loading=\"lazy\" decoding=\"async\" class=\"alignleft size-thumbnail wp-image-1168\" src=\"https:\/\/i0.wp.com\/2018.montevideo.wordcamp.org\/files\/2018\/11\/Matias-viera-150x150.jpg?resize=150%2C150&#038;ssl=1\" alt=\"\" width=\"150\" height=\"150\" srcset=\"https:\/\/i0.wp.com\/montevideo.wordcamp.org\/2018\/files\/2018\/11\/Matias-viera.jpg?resize=150%2C150&amp;ssl=1 150w, https:\/\/i0.wp.com\/montevideo.wordcamp.org\/2018\/files\/2018\/11\/Matias-viera.jpg?resize=100%2C100&amp;ssl=1 100w, https:\/\/i0.wp.com\/montevideo.wordcamp.org\/2018\/files\/2018\/11\/Matias-viera.jpg?zoom=2&amp;resize=150%2C150&amp;ssl=1 300w, https:\/\/i0.wp.com\/montevideo.wordcamp.org\/2018\/files\/2018\/11\/Matias-viera.jpg?zoom=3&amp;resize=150%2C150&amp;ssl=1 450w\" sizes=\"auto, (max-width: 150px) 100vw, 150px\" \/>Mat\u00edas es Licenciado en Sistemas de Informaci\u00f3n y Comunicaci\u00f3n, apasionado por WordPress desde el 2009 y es el director de la agencia de marketing digital\u00a0<a href=\"https:\/\/www.programauruguay.com\/\">Programa Uruguay<\/a>. Se desempe\u00f1a asesorando sobre las mejores estrategias para potenciar productos o servicios de empresas.<\/p>\n\t\t\t\t<\/div>\n\t\t\t<\/div>\n\n\t\t\n\t\t\t<!-- Organizers note: The id attribute is deprecated and only remains for backwards compatibility, please use the corresponding class to target individual speakers -->\n\t\t\t<div id=\"wcorg-speaker-sebastian-pendino\" class=\"wcorg-speaker wcorg-speaker-sebastian-pendino\">\n\t\t\t\t<h2>\n\t\t\t\t\t\n\t\t\t\t\t\tSebasti\u00e1n Pendino\n\t\t\t\t\t\t\t\t\t<\/h2>\n\n\t\t\t\t<div class=\"wcorg-speaker-description\">\n\t\t\t\t\t\t\t\t\t\t<p><img data-recalc-dims=\"1\" loading=\"lazy\" decoding=\"async\" class=\"alignleft size-thumbnail wp-image-1169\" src=\"https:\/\/i0.wp.com\/2018.montevideo.wordcamp.org\/files\/2018\/11\/sebastian-pendino--150x150.jpg?resize=150%2C150&#038;ssl=1\" alt=\"\" width=\"150\" height=\"150\" srcset=\"https:\/\/i0.wp.com\/montevideo.wordcamp.org\/2018\/files\/2018\/11\/sebastian-pendino-.jpg?resize=150%2C150&amp;ssl=1 150w, https:\/\/i0.wp.com\/montevideo.wordcamp.org\/2018\/files\/2018\/11\/sebastian-pendino-.jpg?resize=100%2C100&amp;ssl=1 100w, https:\/\/i0.wp.com\/montevideo.wordcamp.org\/2018\/files\/2018\/11\/sebastian-pendino-.jpg?zoom=2&amp;resize=150%2C150&amp;ssl=1 300w, https:\/\/i0.wp.com\/montevideo.wordcamp.org\/2018\/files\/2018\/11\/sebastian-pendino-.jpg?zoom=3&amp;resize=150%2C150&amp;ssl=1 450w\" sizes=\"auto, (max-width: 150px) 100vw, 150px\" \/>Consultor de marketing digital especializado en plataformas web y ecommerce. Formador y mentor de emprendedores. Speaker en conferencias de marketing digital, emprendedurismo y negocios online.<\/p>\n\t\t\t\t<\/div>\n\t\t\t<\/div>\n\n\t\t\n\t<\/div>\n\n\t\n","protected":false},"excerpt":{"rendered":"","protected":false},"author":15583525,"featured_media":0,"parent":0,"menu_order":0,"comment_status":"closed","ping_status":"closed","template":"","meta":{"_crdt_document":"","jetpack_post_was_ever_published":false,"footnotes":""},"class_list":["post-1021","page","type-page","status-publish","hentry"],"jetpack_sharing_enabled":true,"jetpack_shortlink":"https:\/\/wp.me\/PagwAz-gt","_links":{"self":[{"href":"https:\/\/montevideo.wordcamp.org\/2018\/wp-json\/wp\/v2\/pages\/1021","targetHints":{"allow":["GET"]}}],"collection":[{"href":"https:\/\/montevideo.wordcamp.org\/2018\/wp-json\/wp\/v2\/pages"}],"about":[{"href":"https:\/\/montevideo.wordcamp.org\/2018\/wp-json\/wp\/v2\/types\/page"}],"author":[{"embeddable":true,"href":"https:\/\/montevideo.wordcamp.org\/2018\/wp-json\/wp\/v2\/users\/15583525"}],"replies":[{"embeddable":true,"href":"https:\/\/montevideo.wordcamp.org\/2018\/wp-json\/wp\/v2\/comments?post=1021"}],"version-history":[{"count":6,"href":"https:\/\/montevideo.wordcamp.org\/2018\/wp-json\/wp\/v2\/pages\/1021\/revisions"}],"predecessor-version":[{"id":1120,"href":"https:\/\/montevideo.wordcamp.org\/2018\/wp-json\/wp\/v2\/pages\/1021\/revisions\/1120"}],"wp:attachment":[{"href":"https:\/\/montevideo.wordcamp.org\/2018\/wp-json\/wp\/v2\/media?parent=1021"}],"curies":[{"name":"wp","href":"https:\/\/api.w.org\/{rel}","templated":true}]}}